{"id":3109,"date":"2020-08-25T06:36:44","date_gmt":"2020-08-25T06:36:44","guid":{"rendered":"http:\/\/areagroup.me\/karadag-hakkinda\/"},"modified":"2020-10-21T09:10:46","modified_gmt":"2020-10-21T09:10:46","slug":"karadag-hakkinda","status":"publish","type":"page","link":"https:\/\/areagroup.me\/tr\/karadag-hakkinda\/","title":{"rendered":"Karada\u011f hakk\u0131nda"},"content":{"rendered":"\n\n  <div class=\"banner has-hover\" id=\"banner-1162827737\">\n          <div class=\"banner-inner fill\">\n        <div class=\"banner-bg fill\" >\n            <img loading=\"lazy\" decoding=\"async\" width=\"800\" height=\"532\" src=\"https:\/\/areagroup.me\/wp-content\/uploads\/2020\/07\/Villa-Nikolaj-13.jpg\" class=\"bg attachment-large size-large\" alt=\"\" \/>                        <div class=\"overlay\"><\/div>            \n                    <\/div>\n\t\t\n        <div class=\"banner-layers container\">\n            <div class=\"fill banner-link\"><\/div>            \n\n   <div id=\"text-box-612042725\" class=\"text-box banner-layer x50 md-x50 lg-x50 y50 md-y50 lg-y50 res-text\">\n                                <div class=\"text-box-content text dark\">\n              \n              <div class=\"text-inner text-center\">\n                  \n\n<h3 class=\"uppercase\"><strong>KARADA\u011e&#8217;A HO\u015eGELD\u0130N\u0130Z<\/strong><\/h3>\n<p>Karada\u011f, \u00fclkede sanayi, end\u00fcstriyel \u00fcretimin geli\u015fmemi\u015f, do\u011fal yap\u0131s\u0131n\u0131n bozulmam\u0131\u015f, saf bir ekolojiye sahip olmas\u0131, deniz k\u0131y\u0131s\u0131ndaki konumu ve iklimiyle sa\u011fl\u0131k sorunlar\u0131n\u0131 gidermek isteyen insanlar i\u00e7in m\u00fckemmel bir lokasyondur.<\/p>\n\n              <\/div>\n           <\/div>\n                            \n<style>\n#text-box-612042725 {\n  width: 63%;\n}\n#text-box-612042725 .text-box-content {\n  font-size: 100%;\n}\n<\/style>\n    <\/div>\n \n\n        <\/div>\n      <\/div>\n\n            \n<style>\n#banner-1162827737 {\n  padding-top: 300px;\n}\n#banner-1162827737 .overlay {\n  background-color: rgba(0, 0, 0, 0.44);\n}\n#banner-1162827737 .banner-bg img {\n  object-position: 51% 70%;\n}\n<\/style>\n  <\/div>\n\n\n<div class=\"row\"  id=\"row-1746222464\">\n\n\n\t<div id=\"col-241335730\" class=\"col medium-8 small-12 large-8\"  >\n\t\t\t\t<div class=\"col-inner\"  >\n\t\t\t\n\t\t\t\n\n<div class=\"container section-title-container\" ><h3 class=\"section-title section-title-center\"><b><\/b><span class=\"section-title-main\" >Karada\u011f hakk\u0131nda<\/span><b><\/b><\/h3><\/div>\n\n<p style=\"text-align: center;\"><strong>Sizi b\u00fcy\u00fcleyici Karada\u011f ile tan\u0131\u015ft\u0131ray\u0131m!<\/strong><\/p>\n<p>Bu k\u00fc\u00e7\u00fck \u00fclke, Adriyatik k\u0131y\u0131s\u0131ndaki Balkan Yar\u0131madas\u0131&#8217;n\u0131n bat\u0131 kesiminde yer almaktad\u0131r. Bir zamanlar Yugoslavya Federal Cumhuriyetinin bir par\u00e7as\u0131yken, \u015fimdi ba\u011f\u0131ms\u0131z bir devlettir.<\/p>\n<p>Y\u00fcksek kayal\u0131kl\u0131, b\u00fcy\u00fcleyici da\u011flar\u0131, e\u015fsiz vah\u015fi ya\u015fam\u0131, kristal berrakl\u0131\u011f\u0131nda denizi, devasa kanyonlar\u0131, derin su g\u00f6lleri ve Antik, Orta \u00c7a\u011f \u015fehirleri ile harika bir tatilin keyfini \u00e7\u0131karman\u0131za ve bu topraklar\u0131n muhte\u015fem atmosferine dalman\u0131za olanak tan\u0131yacak.<\/p>\n<p>Karada\u011f, b\u00fcy\u00fck \u015fehirlerin karma\u015fas\u0131ndan uzakla\u015farak, do\u011fan\u0131n koynunda dinlenmek isteyen, huzur ve sessizlik pe\u015finde olanlar i\u00e7in muhte\u015fem bir lokasyondur. A\u00e7\u0131k hava etkinlikleri sevenler i\u00e7in burada yap\u0131lacak bir \u00e7ok aktivite mevcut : \u00a0\u00c7e\u015fitli gezi programlar\u0131, tekne turlar\u0131 ve mini geziler, do\u011fa y\u00fcr\u00fcy\u00fc\u015fleri ve orman y\u00fcr\u00fcy\u00fc\u015fleri.<\/p>\n<p>Karada\u011f, \u00fclkede sanayi, end\u00fcstriyel \u00fcretimin geli\u015fmemi\u015f, do\u011fal yap\u0131s\u0131n\u0131n bozulmam\u0131\u015f, saf bir ekolojiye sahip olmas\u0131, deniz k\u0131y\u0131s\u0131ndaki konumu ve iklimiyle sa\u011fl\u0131k sorunlar\u0131n\u0131 gidermek isteyen insanlar i\u00e7in m\u00fckemmel bir lokasyondur.<\/p>\n<p>Kotor K\u00f6rfezi&#8217;nin benzersiz mikro iklimi, maden sular\u0131 ve \u015fifal\u0131 \u00e7amurun varl\u0131\u011f\u0131;do\u011fal tedavi i\u00e7in geli\u015fmi\u015f t\u0131bbi hizmetler sunan ve Avrupa d\u00fczeyinde bir sa\u011fl\u0131k tesisi olan \u201cIgalo Kapl\u0131ca\u00a0 ve T\u0131bbi Rehabilitasyon Enstit\u00fcs\u00fc\u201d n\u00fcn 1949 y\u0131l\u0131nda kurulmas\u0131na olanak sa\u011flad\u0131. Enstit\u00fc, Herceg Novi \u015fehrinin denize bakan yama\u00e7lar\u0131nda kurulu Igalo yerle\u015fimde bulunmaktad\u0131r. \u00c7ocuklu ailelerin rahat edece\u011fi bir lokasyondur. Misafirperver ve \u00e7ocuk sevgisiyle dolu yerel halk sizi sevgiyle kar\u015f\u0131layacaklard\u0131r.<\/p>\n<p style=\"text-align: center;\"><strong>Karada\u011f&#8217;a ho\u015f geldiniz!<\/strong><\/p>\n<div class=\"video video-fit mb\" style=\"padding-top:56.25%;\"><iframe loading=\"lazy\" title=\"Herceg Novi CG\" src=\"https:\/\/player.vimeo.com\/video\/470181821?dnt=1&amp;app_id=122963\" width=\"1020\" height=\"574\" frameborder=\"0\" allow=\"autoplay; fullscreen\" allowfullscreen><\/iframe><\/div>\n\n\n\t\t<\/div>\n\t\t\t\t\t<\/div>\n\n\t\n\n\t<div id=\"col-771343755\" class=\"col medium-4 small-12 large-4\"  >\n\t\t\t\t<div class=\"col-inner\"  >\n\t\t\t\n\t\t\t\n\n\t<div id=\"gap-354676973\" class=\"gap-element clearfix\" style=\"display:block; height:auto;\">\n\t\t\n<style>\n#gap-354676973 {\n  padding-top: 88px;\n}\n<\/style>\n\t<\/div>\n\t\n\n\t<div class=\"img has-hover x md-x lg-x y md-y lg-y\" id=\"image_1693507986\">\n\t\t\t\t\t\t\t\t<div class=\"img-inner dark\" >\n\t\t\t<img loading=\"lazy\" decoding=\"async\" width=\"600\" height=\"466\" src=\"https:\/\/areagroup.me\/wp-content\/uploads\/2020\/07\/Crna-gora-1.jpg\" class=\"attachment-large size-large\" alt=\"\" srcset=\"https:\/\/areagroup.me\/wp-content\/uploads\/2020\/07\/Crna-gora-1.jpg 600w, https:\/\/areagroup.me\/wp-content\/uploads\/2020\/07\/Crna-gora-1-515x400.jpg 515w\" sizes=\"auto, (max-width: 600px) 100vw, 600px\" \/>\t\t\t\t\t\t\n\t\t\t\t\t<\/div>\n\t\t\t\t\t\t\t\t\n<style>\n#image_1693507986 {\n  width: 100%;\n}\n<\/style>\n\t<\/div>\n\t\n\n\t<div class=\"img has-hover x md-x lg-x y md-y lg-y\" id=\"image_102210426\">\n\t\t\t\t\t\t\t\t<div class=\"img-inner dark\" >\n\t\t\t<img loading=\"lazy\" decoding=\"async\" width=\"600\" height=\"466\" src=\"https:\/\/areagroup.me\/wp-content\/uploads\/2020\/07\/Crna-gora-2.jpg\" class=\"attachment-large size-large\" alt=\"\" srcset=\"https:\/\/areagroup.me\/wp-content\/uploads\/2020\/07\/Crna-gora-2.jpg 600w, https:\/\/areagroup.me\/wp-content\/uploads\/2020\/07\/Crna-gora-2-515x400.jpg 515w\" sizes=\"auto, (max-width: 600px) 100vw, 600px\" \/>\t\t\t\t\t\t\n\t\t\t\t\t<\/div>\n\t\t\t\t\t\t\t\t\n<style>\n#image_102210426 {\n  width: 100%;\n}\n<\/style>\n\t<\/div>\n\t\n\n\n\t\t<\/div>\n\t\t\t\t\t<\/div>\n\n\t\n\n<\/div>\n<div class=\"row\"  id=\"row-448167821\">\n\n\n\t<div id=\"col-1232836516\" class=\"col medium-8 small-12 large-8\"  >\n\t\t\t\t<div class=\"col-inner\"  >\n\t\t\t\n\t\t\t\n\n<div class=\"container section-title-container\" ><h3 class=\"section-title section-title-center\"><b><\/b><span class=\"section-title-main\" >MONTENEGRO TAT\u0130L BELDELER\u0130<\/span><b><\/b><\/h3><\/div>\n\n<h3>Herceg Novi<\/h3>\n<div>\n<p>Herceg Novi, Orjen Da\u011f\u0131&#8217;n\u0131n eteklerinde, Adriyatik Denizi&#8217;ndeki Kotor K\u00f6rfezi&#8217;nin a\u011fz\u0131nda, H\u0131rvatistan ve Bosna-Hersek s\u0131n\u0131r\u0131na yak\u0131n bir konumda yer almaktad\u0131r.<\/p>\n<p>\u015eehir hakl\u0131 olarak &#8220;Karada\u011f&#8217;\u0131n Botanik Bah\u00e7esi&#8221; olarak kabul ediliyor. Burada \u00e7ok say\u0131da relikt bitki ve \u00e7al\u0131 b\u00fcy\u00fcyor, bu nedenle Karada\u011fl\u0131lar bu \u015fehre &#8220;\u00c7i\u00e7ekler \u015eehri&#8221; diyor. Karada\u011f&#8217;daki di\u011fer tatil beldelerinin aksine, Herceg Novi geleneksel bir Avrupa g\u00f6r\u00fcn\u00fcm\u00fcne sahiptir ve neredeyse hi\u00e7 y\u00fcksek \u00e7ok katl\u0131 bina yoktur, t\u00fcm evler Avrupa tarz\u0131 mimaride yap\u0131lm\u0131\u015ft\u0131r. Begonvil \u00e7i\u00e7ekleri, ve yaprak d\u00f6kmeyen bitkilerle g\u00f6m\u00fcl\u00fc \u00e7itleri, uzun hurma a\u011fa\u00e7lar\u0131, portakal a\u011fa\u00e7lar\u0131 ve manolyalarla \u00e7evrili, kiremit \u00e7at\u0131l\u0131 k\u00fc\u00e7\u00fck evlerin hepsi bir cennet ve huzur atmosferi yarat\u0131r.<\/p>\n<p>Eski \u015eehir \u201cOld Town\u201d Herceg Novi&#8217;deki zengin an\u0131tsal miras, uzun tarihleri \u200b\u200bboyunca burada ya\u015fayan ve sava\u015fan farkl\u0131 halklar\u0131n ve k\u00fclt\u00fcrlerin bir kar\u0131\u015f\u0131m\u0131 sonucu olu\u015fturuldu.<\/p>\n<p>Bu b\u00f6lgede turizmin ba\u015flang\u0131c\u0131 19. y\u00fczy\u0131la kadar uzan\u0131yor. Shora Rose oteli ile ilgili ilk kay\u0131tlar (Sima Matavul) o zamanlara ait. Bu kay\u0131tlarda, 1872&#8217;de Sava Bachanovich ailesine ait olan ve &#8220;yabanc\u0131lar i\u00e7in&#8221; 25 yatakl\u0131 &#8220;Bella Vista&#8221; meyhanesinden bahsedilmi\u015fti. Herceg Novi&#8217;deki modern otel y\u00f6netimi geli\u015fiminin, Kotor K\u00f6rfezi ve Karada\u011f&#8217;da, daha sonra plaj otel anlam\u0131na gelen \u201cBoka\u201d Hotel olarak adland\u0131r\u0131lan, Zelenika\u2019n\u0131n \u201cYe\u015fil Plajdaki (Boka) Pansiyon\u201d in\u015faat\u0131yla ba\u015flad\u0131\u011f\u0131 s\u00f6ylenebilir. Bu otel 1902&#8217;de faaliyete ge\u00e7ti, ancak belediye idaresinin bu otelin yap\u0131m\u0131 i\u00e7in Macar asilzade Budape\u015fte&#8217;li Dr.Antal Maguar&#8217;a yetki verdi\u011fi karar da, 19. Y\u00fczy\u0131la ait. 24 Kas\u0131m 1898&#8217;de yay\u0131nland\u0131. 1909 y\u0131l\u0131nda \u201cAkcionarsko dru\u0161tvo za gra\u0111evine i saobra\u0107aj Herceg Novi -\u0130n\u015faat ve Karayollar\u0131 Anonim \u015eirketi- ,yap\u0131m\u0131 1913\u2019te tamamlanan, Herceg Novi\u2019nin tam merkezinde yer alan 43 odal\u0131 merkezi \u0131s\u0131tma ve hamam\u0131 bulunan Otel \u201cBoka\u201d i\u00e7in imar izni istedi.\u015eehrin bir t\u00fcr sembol\u00fc ve ticari markas\u0131yd\u0131 ve bunlar\u0131n yan\u0131 s\u0131ra, 1932&#8217;de Paris Turizm Fuar\u0131&#8217;nda &#8220;konfor ve hizmet&#8221; dal\u0131nda alt\u0131n madalya kazand\u0131. 1979&#8217;daki deprem felaketi sonucunda, Boka Oteli \u00f6nemli \u00f6l\u00e7\u00fcde hasar g\u00f6rd\u00fc ve bir y\u0131ldan k\u0131sa bir s\u00fcre sonra otel tamamen y\u0131k\u0131lmak zorunda kal\u0131nd\u0131. Nadir Akdeniz bitkileriyle tan\u0131nan otel ve g\u00f6let dekorasyonlu park\u0131 da ayn\u0131 nedenlerle y\u0131k\u0131ld\u0131. Turist merkezi ve belediye meclisinin talebiyle g\u00f6let, 1998 y\u0131l\u0131nda yeniden in\u015fa edildi.<\/p>\n<p>\u0130ki d\u00fcnya sava\u015f\u0131 aras\u0131ndaki d\u00f6nemde, Herceg Novi&#8217;de faaliyet g\u00f6steren \u00e7ok say\u0131da otel bulunuyordu. Bunlar aras\u0131nda : &#8220;America&#8221;, &#8220;Mine&#8221;, &#8220;Adriatic&#8221;, &#8220;Balkans&#8221;, &#8220;Savina&#8221;, &#8220;Europe&#8221;, &#8220;Poplar&#8221;, &#8220;Erceg Novi&#8221;, &#8221; Serbian Hotel &#8220;,&#8221; Belgrade &#8220;\u201e. 1926 y\u0131l\u0131nda Trani ailesine ait olan \u201cPla\u017ea&#8221; Otel, bug\u00fcn yakla\u015f\u0131k olarak ayn\u0131 lokasyonda kap\u0131lar\u0131n\u0131 misafirlerine a\u00e7m\u0131\u015ft\u0131r. 1906&#8217;da Tomo M. Katurich, Kamenari&#8217;de bir otele ev sahipli\u011fi yapma izni ald\u0131 ve 1929&#8217;da Yankovich ailesine ait Igalo Oteli, Igalo&#8217;da a\u00e7\u0131ld\u0131. Zelenika&#8217;da, daha \u00f6nce bahsedilen &#8221; Pla\u017ea &#8221; oteline ek olarak, Obren Dunerovich ait olan, 1944\u2019te Almanlar\u0131n geri \u00e7ekilmeleri s\u0131ras\u0131nda havaya u\u00e7urduklar\u0131 &#8220;Boka&#8221; oteli de mevcuttu.<\/p>\n<p>\u0130ki d\u00fcnya sava\u015f\u0131 aras\u0131ndaki d\u00f6nemde, Adriyatik&#8217;te ilkler aras\u0131nda yer alan iki turist derne\u011fi kuruldu: 1922&#8217;de Herceg Novi&#8217;de &#8220;Savina&#8221; ve 1924&#8217;te Igalo&#8217;da &#8220;Igalo&#8221;. Bu alandaki modern turizmin yo\u011fun ve organize geli\u015fimi, o zamanlar hem b\u00fcy\u00fck hem de modern olan hemen hemen t\u00fcm mevcut otellerin in\u015fa edildi\u011fi ge\u00e7en y\u00fczy\u0131l\u0131n altm\u0131\u015fl\u0131 y\u0131llar\u0131yla ilgilidir. Sadece \u015fimdiki g\u00f6r\u00fcn\u00fcm\u00fcyle &#8220;Pla\u017ea&#8221; oteli ve Enstit\u00fcn\u00fcn ikinci a\u015famas\u0131 &#8220;Dr. Simo Milo\u0161evi\u0107 \u201d daha sonra, s\u0131ras\u0131yla 1980 ve 1988&#8217;de in\u015fa edilen Akdeniz Sa\u011fl\u0131k Merkezi.<\/p>\n<p>1929&#8217;a geri d\u00f6n\u00fcld\u00fc\u011f\u00fcnde, Herceg Novi belediyesi, &#8220;Igalj \u00e7amuru&#8221; ad\u0131 verilen k\u0131y\u0131 deniz \u00e7amurunun ve maden suyu &#8220;Igalj tuz batakl\u0131\u011f\u0131n\u0131n&#8221; uzun s\u00fcredir tan\u0131nmas\u0131yla beraber &#8220;deniz banyosu ve iklimsel sa\u011fl\u0131k tesisi&#8221; ilan edildi. Zamanla Igalo&#8217;nun geli\u015fmesiyle birlikte, iklimsel sa\u011fl\u0131k tesisi terimi t\u00fcm belediye i\u00e7in ak\u0131llardan silindi.<\/p>\n<p>16 odal\u0131 ve 40 yatakl\u0131, daha \u00f6nce bahsedilen otel &#8220;Igalo&#8221;, enstit\u00fcn\u00fcn ilk faz\u0131n\u0131n bug\u00fcnk\u00fc binas\u0131n\u0131n yerine in\u015fa edildi ve daha sonra, \u00f6rne\u011fin limanda veya &#8220;Gruda&#8221; havaalan\u0131nda misafirleri kar\u015f\u0131layan bir otel arabas\u0131 vard\u0131. 1930&#8217;da, \u00fcnl\u00fc Frans\u0131z sa\u011fl\u0131k tesisi Vichy&#8217;nin laboratuvar\u0131nda Igalj \u00e7amuru incelemesi yap\u0131ld\u0131 ve bu \u00e7amurun ola\u011fan\u00fcst\u00fc iyile\u015ftiri \u00f6zelli\u011fi do\u011fruland\u0131. Ancak ve ancak \u0130kinci D\u00fcnya Sava\u015f\u0131&#8217;ndan sonra Dr. Svetozar \u017divojinovi\u0107&#8217;in uzun s\u00fcredir planlad\u0131\u011f\u0131 Igalo&#8217;da bir sa\u011fl\u0131k tesisi kurulmas\u0131 i\u00e7in, 1 Kas\u0131m 1949&#8217;da Karada\u011f H\u00fck\u00fcmeti gerekli ad\u0131mlar\u0131 att\u0131. Y\u0131llar sonunda tesis kuruldu.<\/p>\n<p>Turistler i\u00e7in k\u00fc\u00e7\u00fck dairelerden \u00f6zel havuzlu villalara kadar geni\u015f bir konaklama se\u00e7ene\u011fi vard\u0131r.<\/p>\n<p>Plajlar k\u00fc\u00e7\u00fck \u00e7ak\u0131l veya beton bloklard\u0131r. Herceg Novi koy i\u00e7erisinde \u00a0bulundu\u011fu i\u00e7in nadiren b\u00fcy\u00fck dalgalar olu\u015fur. Bu da \u00e7ocuklarla y\u00fczmek i\u00e7in iyi bir etken. Koydaki deniz suyu temiz, kristal berrakl\u0131\u011f\u0131nda, y\u00fczmeye ve dalmaya imkan veriyor. \u015eehirde dal\u0131\u015f ve t\u00fcpl\u00fc dal\u0131\u015f kurallar\u0131n\u0131 \u00f6\u011freten birka\u00e7 okul var.<\/p>\n<p>Igalo ve Savina b\u00f6lgesini birbirine ba\u011flayan \u015fehrin k\u0131y\u0131 kenar\u0131 boyunca, say\u0131s\u0131z restoran, kafe ve bar\u0131n oldu\u011fu, \u015fehrin ana gezinti yeri olan uzunca bir set bulunur.<\/p>\n<p>\u015eehrin tekne iskelelerinde geziler d\u00fczenlenir, Kotor K\u00f6rfezi&#8217;nin vah\u015fi ve kumlu plajlar\u0131 gezilir, b\u00f6ylece turistler eski ba\u015fkanl\u0131k plaj\u0131 \u017danjice&#8217;yi tan\u0131r ve baz\u0131 durumlarda (\u00fccretli) mavi ma\u011farada (Plava \u0161pilja) ve a\u00e7\u0131k denizde y\u00fczme f\u0131rsat\u0131 vard\u0131r.<\/p>\n<p>Sa\u011fl\u0131k sorunlar\u0131 olanlar i\u00e7in, Igalo Enstit\u00fcs\u00fc Rehabilitasyon ve Tatil K\u00f6y\u00fc, do\u011fal tedavi ve rehabilitasyon i\u00e7in eksiksiz bir t\u0131bbi hizmet yelpazesi sunacakt\u0131r. B\u00fct\u00fcn bunlar, burada bulunan \u0131l\u0131man iklim, minerallerle doyurulmu\u015f temiz deniz havas\u0131, u\u00e7ucu ya\u011flar, \u015fifal\u0131 \u00e7amur ve maden sular\u0131 sayesinde m\u00fcmk\u00fcnd\u00fcr.<\/p>\n<p>Herceg Novi, huzurlu ve \u00f6l\u00e7\u00fcl\u00fc tatil sevenler, \u00e7ocuklarla aile tatili ge\u00e7irmek ve iyile\u015fmek isteyenler i\u00e7in idealdir.<\/p>\n<p><strong>\u00a0Budva <\/strong><\/p>\n<p>Budva, Karada\u011f&#8217;\u0131n ana sahil beldelerinden biridir ve e\u011flenceli ve enerjik bir tatil tercih eden turistler i\u00e7in olduk\u00e7a pop\u00fclerdir. Tam bir aktif gece hayat\u0131 \u015fehridir. Kumarhaneler, barlar, restoranlar, diskolar, tenis kortlar\u0131 hepsi her zevke uygun.<\/p>\n<p>Yaz sezonunun zirvesinde \u015fehir turistlerle ve e\u011flence programlar\u0131yla doludur.<\/p>\n<p>Budva yak\u0131nlar\u0131nda \u00e7o\u011fu \u00e7ak\u0131l ta\u015fl\u0131 ve kayalarla \u00e7evrili \u00e7ok say\u0131da plaj bulacaks\u0131n\u0131z, ayr\u0131ca kumlu plajlar da vard\u0131r. Budva Rivieras\u0131&#8217;n\u0131n en b\u00fcy\u00fck ve en pop\u00fcler plajlar\u0131 Plazha Slovenska (Slovenya Sahili) ve Mogren&#8217;dir. Slovenya sahili boyunca \u00e7ok say\u0131da bar, kafe, a\u00e7\u0131k hava diskosu var.<\/p>\n<p>Turistlere Sveti Nikola adas\u0131na tekne veya tekne gezileri sunulur ve ayr\u0131ca bir yelkenli de kiralayabilirsiniz.<\/p>\n<p>Budva, gen\u00e7ler i\u00e7in kalabal\u0131k bir yazl\u0131k beldededir. K\u00fc\u00e7\u00fck \u00e7ocuklu aileler i\u00e7in pek uygun say\u0131lmayabilir. Dezavantajlar aras\u0131nda, \u015fehrin modern bir metropol gibi g\u00f6r\u00fcnmesini sa\u011flayan yo\u011fun \u00e7ok katl\u0131 binalara dikkat \u00e7ekilebilir.<\/p>\n<p>Budva&#8217;ya d\u00f6rt kilometre uzakl\u0131kta, her zevke uygun otel daireleri ve villalardan olu\u015fan bir grup olan Becici ve Rafailovici&#8217;nin k\u00fc\u00e7\u00fck tenha k\u00f6yleri vard\u0131r. \u0130yi geli\u015fmi\u015f altyap\u0131 ve g\u00fczel plajlar, k\u00f6yl\u00fc aileler i\u00e7in ideal bir yer haline getirmektedir. 1935&#8217;te Be\u010di\u0107i plaj\u0131, Avrupa&#8217;n\u0131n en g\u00fczel plaj\u0131 olarak kabul edilmi\u015ftir.<\/p>\n<p><strong>Ulcinj<\/strong><\/p>\n<p>Ulcinj, Karada\u011f&#8217;\u0131n Arnavutluk s\u0131n\u0131r\u0131na yak\u0131n en g\u00fcneydeki \u015fehridir. Venedik y\u00f6netiminden b\u00fcy\u00fck \u00f6l\u00e7\u00fcde etkilenen Budva ve Herceg Novi Rivieras\u0131&#8217;n\u0131n di\u011fer k\u0131y\u0131 kasabalar\u0131na benzemez. Ulcinj, \u015fehrin d\u0131\u015f \u00f6zelliklerini etkileyemeyen y\u00fczy\u0131llar boyunca Osmanl\u0131 \u0130mparatorlu\u011fu&#8217;nun egemenli\u011fi alt\u0131ndayd\u0131. Burada \u00e7ok say\u0131da cami vard\u0131r ve Karada\u011fl\u0131 M\u00fcsl\u00fcmanlar\u0131n \u00e7o\u011fu bu \u015fehirde ya\u015f\u0131yor. Ulcinj&#8217;in n\u00fcfusu \u00e7o\u011funlukla Arnavut oldu\u011fundan burada S\u0131rp dilini duymak zor. T\u00fcm yaz\u0131tlar, tabelalar, reklamlar S\u0131rp\u00e7a ve Arnavut\u00e7a yap\u0131lm\u0131\u015ft\u0131r.<\/p>\n<p>Ulcinj, t\u00fcm Karada\u011f&#8217;da \u00e7ok fazla olmayan uzun kumlu plajlar\u0131yla tan\u0131n\u0131r. Ulcinj Rivieras\u0131&#8217;n\u0131n plajlar\u0131 bazaltt\u0131r, bazalt kumunu olu\u015fturan mineral maddeler nedeniyle bu plajlar\u0131n iskelet sistemi hastal\u0131klar\u0131 \u00fczerinde olumlu bir etkisi vard\u0131r.<\/p>\n<p>Eski \u015fehir surlar\u0131n\u0131n yak\u0131n\u0131nda yer alan \u015fehir plaj\u0131 &#8220;Mala Plaza&#8221; yaz sezonunda konuklarla doludur.<\/p>\n<p>Ulcinj&#8217;in 4 km g\u00fcneyinde, 13 km uzakl\u0131kta, neredeyse Arnavutluk s\u0131n\u0131r\u0131na kadar uzanan ve geni\u015fli\u011fi 60 m&#8217;ye ula\u015fan muhte\u015fem kumlu &#8220;Velika pla\u017ea&#8221; plaj\u0131 Adriyatik k\u0131y\u0131s\u0131ndaki en b\u00fcy\u00fck kumlu plajd\u0131r.<\/p>\n<p>Ada Bojana plajlar\u0131n\u0131 g\u00f6rmezden gelmek imkans\u0131z. Buradaki kum mineral ve biyolojik olarak aktif maddeler bak\u0131m\u0131ndan zengindir ve kas-iskelet sistemi ve k\u0131s\u0131rl\u0131\u011f\u0131n tedavisinde yararl\u0131 olan hafif bir radyoaktif etkiye sahiptir.<\/p>\n<p><strong>Kotor <\/strong><\/p>\n<p>Kotor, Karada\u011f&#8217;da gezi turizminin merkezidir. Kotor&#8217;un eski \u015fehri, UNESCO k\u00fclt\u00fcrel miras alan\u0131 olarak listelenmi\u015ftir ve Adriyatik k\u0131y\u0131s\u0131ndaki en iyi korunmu\u015f orta\u00e7a\u011f \u015fehirlerinden biridir.<\/p>\n<p>Kotor&#8217;un mimarisi 12. y\u00fczy\u0131l\u0131n sonlar\u0131na kadar uzanmaktad\u0131r ve Venedikliler, g\u00fcn\u00fcm\u00fcze ula\u015fan binalar\u0131n d\u0131\u015f cephe tarz\u0131na ana etkide bulunmu\u015ftur. Venedik d\u00f6nemi 1420&#8217;den 1797&#8217;ye kadar s\u00fcrm\u00fc\u015ft\u00fcr. Bu ger\u00e7ek refah zaman\u0131yd\u0131, o zamanlar kendilerini Osmanl\u0131 \u0130mparatorlu\u011fu&#8217;nun sald\u0131r\u0131lar\u0131ndan korumak i\u00e7in g\u00fc\u00e7l\u00fc surlar in\u015fa ettiler;saraylar, kuleler, tap\u0131naklar, kiliseler. \u015eehir, binalar\u0131n yar\u0131s\u0131ndan fazlas\u0131na zarar veren depremlerden (1667, 1979) sert bir \u015fekilde etkilenmi\u015f olsa da, g\u00fcn\u00fcm\u00fczde karakteristik bir Venedik stili ile tamamen yeniden in\u015fa edilmi\u015ftir.<\/p>\n<p>Bu muhte\u015fem \u015fehrin her ta\u015f\u0131n\u0131n nefes ald\u0131\u011f\u0131 orta \u00e7a\u011fa d\u00f6nme f\u0131rsat\u0131, d\u00fcnyan\u0131n her yerinden turistleri kendine \u00e7ekiyor. Dar sokaklarda y\u00fcr\u00fcyebilir, rahat bir kafede dinlenebilir, Katolik Katedrali&#8217;ndeki orglar\u0131 dinleyebilir, da\u011f\u0131n en tepesine St.John Kalesi&#8217;ne t\u0131rmanabilir ve \u015fehrin ku\u015fbak\u0131\u015f\u0131 manzaras\u0131n\u0131n tad\u0131n\u0131 \u00e7\u0131karabilirsiniz (t\u0131rman\u0131\u015f kolay olmad\u0131\u011f\u0131 i\u00e7in mutlaka rahat ayakkab\u0131 ve i\u00e7ecek bir \u015feyler bulundurun). Eski \u015fehirde, Orta \u00c7a\u011f\u2019da oldu\u011funuzu hissetmek i\u00e7in k\u00fc\u00e7\u00fck bir otelde bir veya iki gece oda kiralayabilirsiniz.<\/p>\n<p>Kotor&#8217;da bir\u00e7ok plaj ve gezinti yerinin yan\u0131 s\u0131ra teknelerin ve yelkenli teknelerin demirledi\u011fi bir liman vard\u0131r.<\/p>\n<p>Ana zenginli\u011fi, tarihi an\u0131tlar ve mimaridir.<\/p>\n<p>Kotor&#8217;dan Lov\u0107en s\u0131rada\u011flar\u0131n\u0131n (1749 m) orta ve en y\u00fcksek b\u00f6l\u00fcm\u00fcn\u00fc ve 62,2 km\u00b2\u2019lik bir alan\u0131 kaplayan Lov\u0107en Milli Park\u0131&#8217;na ula\u015fmak kolayd\u0131r. Park, e\u015fsiz do\u011fan\u0131n yan\u0131 s\u0131ra tarihi, k\u00fclt\u00fcrel ve mimari miras\u0131 korumak i\u00e7in kurulmu\u015ftur. Buras\u0131 vah\u015fi ya\u015fam, orman y\u00fcr\u00fcy\u00fc\u015fleri ve da\u011fc\u0131l\u0131k sevenler i\u00e7in tam bir cennettir.<\/p>\n<p>Orta\u00e7a\u011f mimarisini sevenler i\u00e7in, Kotor&#8217;un yak\u0131n\u0131nda bulunan ve Kotor Rivieras\u0131&#8217;n\u0131n bir par\u00e7as\u0131 olan Perast, Risan kasabalar\u0131 ve k\u00fc\u00e7\u00fck adalar\u0131 da ziyaret etmenizi \u00f6neririz.<\/p>\n<p><strong>Bar<\/strong><\/p>\n<p>Bar, Karada\u011f&#8217;\u0131n en b\u00fcy\u00fck liman\u0131n\u0131 bar\u0131nd\u0131r\u0131r. Oradan feribotla \u0130talya&#8217;ya (Bari \u015fehri) gidebilirsiniz. Bar \u00e7evresinde \u00e7ocuklu ailelerin dinlenebilece\u011fi birka\u00e7 k\u00fc\u00e7\u00fck k\u00f6y bulunmaktad\u0131r;Sutomore, Dobra Voda, Shushan, Big Sands.<\/p>\n<p>Bar\u2019\u0131n i\u00e7inde kal\u0131yorsan\u0131z, o zaman yeterli say\u0131da daire, ev, villa se\u00e7ene\u011fi vard\u0131r. \u015eehir dinlendirici bir tatil i\u00e7in uygundur. G\u00fcr\u00fclt\u00fcl\u00fc diskolar ve gece kul\u00fcpleri de vard\u0131r ve k\u00fc\u00e7\u00fck restoranlar ve \u015firin kafelerle doludur.<\/p>\n<p>Bar \u015fehir plaj\u0131 kumludur, yak\u0131nlarda \u00e7ok say\u0131da \u00e7ak\u0131ll\u0131 plaj bulunur.<\/p>\n<p>\u015eehir plaj\u0131ndan \u00e7ok uzak olmayan s\u0131\u011f sularda, Kral Nikola ve Alman kruvaz\u00f6r Forverts&#8217;in sular alt\u0131nda bir yat\u0131 var. Yatlar derinde de\u011fildir ve acemi dalg\u0131\u00e7lar i\u00e7in bile risksiz bir dal\u0131\u015f imkan\u0131 sunar.<\/p>\n<p>Bar&#8217;\u0131n en ilgin\u00e7 ve en b\u00fcy\u00fck turistik yerlerinden biri Kral Nikola&#8217;n\u0131n saray\u0131d\u0131r. Sarayda bir \u015fapel, mahzen ve botanik bah\u00e7esinin yan\u0131 s\u0131ra k\u00fc\u00e7\u00fck ve b\u00fcy\u00fck kas\u0131rlar bulunmaktad\u0131r. G\u00fcn\u00fcm\u00fczde bu odalar yerel m\u00fcze olarak kullan\u0131lmaktad\u0131r.<\/p>\n<p><strong>Tivat<\/strong><\/p>\n<p>Tivat, Vrmac yar\u0131madas\u0131nda, uluslararas\u0131 havaliman\u0131na (5 km) uzakl\u0131ktad\u0131r.\u0130ddial\u0131 bir marinaya sahip ve bu marinada bulunan pahal\u0131 yatlar\u0131n yan\u0131 s\u0131ra l\u00fcks konut kompleksi (mikro-kvartu) Porto Montenegro ve Hotel Regent in\u015fa edilmi\u015ftir. Kotor K\u00f6rfezi k\u0131y\u0131s\u0131nda modern bir kasabad\u0131r.<\/p>\n<p>\u0130lgin\u00e7tir ki \u015fehir ismini, buralarda dinlenmeyi seven \u0130lirya krali\u00e7esi Teuta&#8217;dan alm\u0131\u015ft\u0131r.<\/p>\n<p>Orta \u00c7a\u011f&#8217;da Tivat, Kotor aristokrasisi i\u00e7in bir Kotor tatili niteli\u011findedir. Tarihi ve k\u00fclt\u00fcrel de\u011feri olan manzaralara gelince, kom\u015fu pop\u00fcler \u015fehirlerin aksine, Tivat&#8217;ta UNESCO&#8217;ya i\u015faret edecek hi\u00e7bir \u015fey yok ve asl\u0131nda neredeyse hi\u00e7bir \u015fey eski de\u011fil (merkezdeki bir orta\u00e7a\u011f kalesi ve birka\u00e7 kilise d\u0131\u015f\u0131nda).<\/p>\n<p>Ayn\u0131 zamanda Tivat&#8217;ta altyap\u0131 geli\u015ftirilerek aktif ya\u015fam ivme kazan\u0131yor, \u015fehrin al\u0131\u015fveri\u015fe uygun konumu k\u00fclt\u00fcrel ve tarihi yap\u0131lar\u0131n tad\u0131n\u0131 \u00e7\u0131karman\u0131n m\u00fcmk\u00fcn olaca\u011f\u0131 Perast, Kotor veya Budva&#8217;ya ula\u015fmay\u0131 kolayla\u015ft\u0131r\u0131yor \u00e7\u00fcnk\u00fc bu \u015fehirler Tivat\u2019a yar\u0131m saatten az mesafede. Tivat&#8217;tan hareket eden konforlu yolcu tekneleri, Zanitsa plaj\u0131nda \u200b\u200bmola vererek Kotor K\u00f6rfezi&#8217;ne keyifli bir tur sunuyor. Turistler Kotor, Herceg Novi gibi \u015fehirleri, Risan ve Perast&#8217;taki iki pitoresk aday\u0131 (Our Lady of Skrpla ve St.Georgia) g\u00f6rme f\u0131rsat\u0131 buluyor.<\/p>\n<p>Boka&#8217;n\u0131n en gen\u00e7 kasabas\u0131 olmas\u0131na ra\u011fmen gezilip g\u00f6r\u00fclecek pek \u00e7ok ilgin\u00e7 ve cezbedici yer var. \u015eehir merkezi , R\u00f6nesans yazl\u0131k evi Buca, rit\u00fcel an\u0131tlar\u0131n bulundu\u011fu \u00c7i\u00e7ek Adas\u0131 (ostrvo cve\u0107a), Gornja Lastva 300 m y\u00fckseklikte eski merkez, muhte\u015fem Plavi Horizonti plaj\u0131 ve Sv. Nikola Tivat&#8217;taki turistlerin g\u00f6rmeleri gereken yeler aras\u0131ndad\u0131r.<\/p>\n<p>Tivat&#8217;\u0131n belirgin bir sahil \u015feridi yoktur, \u00e7o\u011funlukla platformlar vard\u0131r.<\/p>\n<\/div>\n\n\t\t<\/div>\n\t\t\t\t\t<\/div>\n\n\t\n\n\t<div id=\"col-324867488\" class=\"col medium-4 small-12 large-4\"  >\n\t\t\t\t<div class=\"col-inner\"  >\n\t\t\t\n\t\t\t\n\n\t<div id=\"gap-1257016673\" class=\"gap-element clearfix\" style=\"display:block; height:auto;\">\n\t\t\n<style>\n#gap-1257016673 {\n  padding-top: 111px;\n}\n<\/style>\n\t<\/div>\n\t\n\n\t<div class=\"img has-hover x md-x lg-x y md-y lg-y\" id=\"image_1574420624\">\n\t\t\t\t\t\t\t\t<div class=\"img-inner dark\" >\n\t\t\t<img loading=\"lazy\" decoding=\"async\" width=\"600\" height=\"466\" src=\"https:\/\/areagroup.me\/wp-content\/uploads\/2020\/07\/Herceg-Novi-1.jpg\" class=\"attachment-large size-large\" alt=\"\" srcset=\"https:\/\/areagroup.me\/wp-content\/uploads\/2020\/07\/Herceg-Novi-1.jpg 600w, https:\/\/areagroup.me\/wp-content\/uploads\/2020\/07\/Herceg-Novi-1-515x400.jpg 515w\" sizes=\"auto, (max-width: 600px) 100vw, 600px\" \/>\t\t\t\t\t\t\n\t\t\t\t\t<\/div>\n\t\t\t\t\t\t\t\t\n<style>\n#image_1574420624 {\n  width: 100%;\n}\n<\/style>\n\t<\/div>\n\t\n\n\t<div class=\"img has-hover x md-x lg-x y md-y lg-y\" id=\"image_908585637\">\n\t\t\t\t\t\t\t\t<div class=\"img-inner dark\" >\n\t\t\t<img loading=\"lazy\" decoding=\"async\" width=\"600\" height=\"466\" src=\"https:\/\/areagroup.me\/wp-content\/uploads\/2020\/07\/Herceg-Novi-2.jpg\" class=\"attachment-large size-large\" alt=\"\" srcset=\"https:\/\/areagroup.me\/wp-content\/uploads\/2020\/07\/Herceg-Novi-2.jpg 600w, https:\/\/areagroup.me\/wp-content\/uploads\/2020\/07\/Herceg-Novi-2-515x400.jpg 515w\" sizes=\"auto, (max-width: 600px) 100vw, 600px\" \/>\t\t\t\t\t\t\n\t\t\t\t\t<\/div>\n\t\t\t\t\t\t\t\t\n<style>\n#image_908585637 {\n  width: 100%;\n}\n<\/style>\n\t<\/div>\n\t\n\n\t<div class=\"img has-hover x md-x lg-x y md-y lg-y\" id=\"image_1140531520\">\n\t\t\t\t\t\t\t\t<div class=\"img-inner dark\" >\n\t\t\t<img loading=\"lazy\" decoding=\"async\" width=\"600\" height=\"466\" src=\"https:\/\/areagroup.me\/wp-content\/uploads\/2020\/07\/Herceg-Novi-4.jpg\" class=\"attachment-large size-large\" alt=\"\" srcset=\"https:\/\/areagroup.me\/wp-content\/uploads\/2020\/07\/Herceg-Novi-4.jpg 600w, https:\/\/areagroup.me\/wp-content\/uploads\/2020\/07\/Herceg-Novi-4-515x400.jpg 515w\" sizes=\"auto, (max-width: 600px) 100vw, 600px\" \/>\t\t\t\t\t\t\n\t\t\t\t\t<\/div>\n\t\t\t\t\t\t\t\t\n<style>\n#image_1140531520 {\n  width: 100%;\n}\n<\/style>\n\t<\/div>\n\t\n\n\t<div class=\"img has-hover x md-x lg-x y md-y lg-y\" id=\"image_2002689236\">\n\t\t\t\t\t\t\t\t<div class=\"img-inner dark\" >\n\t\t\t<img loading=\"lazy\" decoding=\"async\" width=\"600\" height=\"466\" src=\"https:\/\/areagroup.me\/wp-content\/uploads\/2020\/07\/Herceg-Novi-3.jpg\" class=\"attachment-large size-large\" alt=\"\" srcset=\"https:\/\/areagroup.me\/wp-content\/uploads\/2020\/07\/Herceg-Novi-3.jpg 600w, https:\/\/areagroup.me\/wp-content\/uploads\/2020\/07\/Herceg-Novi-3-515x400.jpg 515w\" sizes=\"auto, (max-width: 600px) 100vw, 600px\" \/>\t\t\t\t\t\t\n\t\t\t\t\t<\/div>\n\t\t\t\t\t\t\t\t\n<style>\n#image_2002689236 {\n  width: 100%;\n}\n<\/style>\n\t<\/div>\n\t\n\n\t<div class=\"img has-hover x md-x lg-x y md-y lg-y\" id=\"image_2005994983\">\n\t\t\t\t\t\t\t\t<div class=\"img-inner dark\" >\n\t\t\t<img loading=\"lazy\" decoding=\"async\" width=\"600\" height=\"466\" src=\"https:\/\/areagroup.me\/wp-content\/uploads\/2020\/07\/Herceg-Novi-5.jpg\" class=\"attachment-large size-large\" alt=\"\" srcset=\"https:\/\/areagroup.me\/wp-content\/uploads\/2020\/07\/Herceg-Novi-5.jpg 600w, https:\/\/areagroup.me\/wp-content\/uploads\/2020\/07\/Herceg-Novi-5-515x400.jpg 515w\" sizes=\"auto, (max-width: 600px) 100vw, 600px\" \/>\t\t\t\t\t\t\n\t\t\t\t\t<\/div>\n\t\t\t\t\t\t\t\t\n<style>\n#image_2005994983 {\n  width: 100%;\n}\n<\/style>\n\t<\/div>\n\t\n\n\t<div id=\"gap-1993325949\" class=\"gap-element clearfix\" style=\"display:block; height:auto;\">\n\t\t\n<style>\n#gap-1993325949 {\n  padding-top: 30px;\n}\n<\/style>\n\t<\/div>\n\t\n\n\t<div id=\"gap-1490667493\" class=\"gap-element clearfix\" style=\"display:block; height:auto;\">\n\t\t\n<style>\n#gap-1490667493 {\n  padding-top: 575px;\n}\n<\/style>\n\t<\/div>\n\t\n\n\t<div class=\"img has-hover x md-x lg-x y md-y lg-y\" id=\"image_162572563\">\n\t\t\t\t\t\t\t\t<div class=\"img-inner dark\" >\n\t\t\t<img loading=\"lazy\" decoding=\"async\" width=\"600\" height=\"466\" src=\"https:\/\/areagroup.me\/wp-content\/uploads\/2020\/07\/Budva-2.jpg\" class=\"attachment-large size-large\" alt=\"\" srcset=\"https:\/\/areagroup.me\/wp-content\/uploads\/2020\/07\/Budva-2.jpg 600w, https:\/\/areagroup.me\/wp-content\/uploads\/2020\/07\/Budva-2-515x400.jpg 515w\" sizes=\"auto, (max-width: 600px) 100vw, 600px\" \/>\t\t\t\t\t\t\n\t\t\t\t\t<\/div>\n\t\t\t\t\t\t\t\t\n<style>\n#image_162572563 {\n  width: 100%;\n}\n<\/style>\n\t<\/div>\n\t\n\n\t<div class=\"img has-hover x md-x lg-x y md-y lg-y\" id=\"image_473419547\">\n\t\t\t\t\t\t\t\t<div class=\"img-inner dark\" >\n\t\t\t<img loading=\"lazy\" decoding=\"async\" width=\"600\" height=\"466\" src=\"https:\/\/areagroup.me\/wp-content\/uploads\/2020\/07\/Budva-3.jpg\" class=\"attachment-large size-large\" alt=\"\" srcset=\"https:\/\/areagroup.me\/wp-content\/uploads\/2020\/07\/Budva-3.jpg 600w, https:\/\/areagroup.me\/wp-content\/uploads\/2020\/07\/Budva-3-515x400.jpg 515w\" sizes=\"auto, (max-width: 600px) 100vw, 600px\" \/>\t\t\t\t\t\t\n\t\t\t\t\t<\/div>\n\t\t\t\t\t\t\t\t\n<style>\n#image_473419547 {\n  width: 100%;\n}\n<\/style>\n\t<\/div>\n\t\n\n\t<div class=\"img has-hover x md-x lg-x y md-y lg-y\" id=\"image_597243974\">\n\t\t\t\t\t\t\t\t<div class=\"img-inner dark\" >\n\t\t\t<img loading=\"lazy\" decoding=\"async\" width=\"600\" height=\"466\" src=\"https:\/\/areagroup.me\/wp-content\/uploads\/2020\/07\/Ulcinj-1.jpg\" class=\"attachment-large size-large\" alt=\"\" srcset=\"https:\/\/areagroup.me\/wp-content\/uploads\/2020\/07\/Ulcinj-1.jpg 600w, https:\/\/areagroup.me\/wp-content\/uploads\/2020\/07\/Ulcinj-1-515x400.jpg 515w\" sizes=\"auto, (max-width: 600px) 100vw, 600px\" \/>\t\t\t\t\t\t\n\t\t\t\t\t<\/div>\n\t\t\t\t\t\t\t\t\n<style>\n#image_597243974 {\n  width: 100%;\n}\n<\/style>\n\t<\/div>\n\t\n\n\t<div class=\"img has-hover x md-x lg-x y md-y lg-y\" id=\"image_228774872\">\n\t\t\t\t\t\t\t\t<div class=\"img-inner dark\" >\n\t\t\t<img loading=\"lazy\" decoding=\"async\" width=\"600\" height=\"466\" src=\"https:\/\/areagroup.me\/wp-content\/uploads\/2020\/07\/Ulcinj-3.jpg\" class=\"attachment-large size-large\" alt=\"\" srcset=\"https:\/\/areagroup.me\/wp-content\/uploads\/2020\/07\/Ulcinj-3.jpg 600w, https:\/\/areagroup.me\/wp-content\/uploads\/2020\/07\/Ulcinj-3-515x400.jpg 515w\" sizes=\"auto, (max-width: 600px) 100vw, 600px\" \/>\t\t\t\t\t\t\n\t\t\t\t\t<\/div>\n\t\t\t\t\t\t\t\t\n<style>\n#image_228774872 {\n  width: 100%;\n}\n<\/style>\n\t<\/div>\n\t\n\n\t<div id=\"gap-1580678509\" class=\"gap-element clearfix\" style=\"display:block; height:auto;\">\n\t\t\n<style>\n#gap-1580678509 {\n  padding-top: 124px;\n}\n<\/style>\n\t<\/div>\n\t\n\n\t<div class=\"img has-hover x md-x lg-x y md-y lg-y\" id=\"image_791411532\">\n\t\t\t\t\t\t\t\t<div class=\"img-inner dark\" >\n\t\t\t<img loading=\"lazy\" decoding=\"async\" width=\"600\" height=\"466\" src=\"https:\/\/areagroup.me\/wp-content\/uploads\/2020\/07\/Kotor-3.jpg\" class=\"attachment-large size-large\" alt=\"\" srcset=\"https:\/\/areagroup.me\/wp-content\/uploads\/2020\/07\/Kotor-3.jpg 600w, https:\/\/areagroup.me\/wp-content\/uploads\/2020\/07\/Kotor-3-515x400.jpg 515w\" sizes=\"auto, (max-width: 600px) 100vw, 600px\" \/>\t\t\t\t\t\t\n\t\t\t\t\t<\/div>\n\t\t\t\t\t\t\t\t\n<style>\n#image_791411532 {\n  width: 100%;\n}\n<\/style>\n\t<\/div>\n\t\n\n\t<div class=\"img has-hover x md-x lg-x y md-y lg-y\" id=\"image_1145545512\">\n\t\t\t\t\t\t\t\t<div class=\"img-inner dark\" >\n\t\t\t<img loading=\"lazy\" decoding=\"async\" width=\"600\" height=\"466\" src=\"https:\/\/areagroup.me\/wp-content\/uploads\/2020\/07\/Kotor-2.jpg\" class=\"attachment-large size-large\" alt=\"\" srcset=\"https:\/\/areagroup.me\/wp-content\/uploads\/2020\/07\/Kotor-2.jpg 600w, https:\/\/areagroup.me\/wp-content\/uploads\/2020\/07\/Kotor-2-515x400.jpg 515w\" sizes=\"auto, (max-width: 600px) 100vw, 600px\" \/>\t\t\t\t\t\t\n\t\t\t\t\t<\/div>\n\t\t\t\t\t\t\t\t\n<style>\n#image_1145545512 {\n  width: 100%;\n}\n<\/style>\n\t<\/div>\n\t\n\n\t<div id=\"gap-1402212452\" class=\"gap-element clearfix\" style=\"display:block; height:auto;\">\n\t\t\n<style>\n#gap-1402212452 {\n  padding-top: 168px;\n}\n<\/style>\n\t<\/div>\n\t\n\n\t<div class=\"img has-hover x md-x lg-x y md-y lg-y\" id=\"image_2113400731\">\n\t\t\t\t\t\t\t\t<div class=\"img-inner dark\" >\n\t\t\t<img loading=\"lazy\" decoding=\"async\" width=\"600\" height=\"466\" src=\"https:\/\/areagroup.me\/wp-content\/uploads\/2020\/07\/Bar-1.jpg\" class=\"attachment-large size-large\" alt=\"\" srcset=\"https:\/\/areagroup.me\/wp-content\/uploads\/2020\/07\/Bar-1.jpg 600w, https:\/\/areagroup.me\/wp-content\/uploads\/2020\/07\/Bar-1-515x400.jpg 515w\" sizes=\"auto, (max-width: 600px) 100vw, 600px\" \/>\t\t\t\t\t\t\n\t\t\t\t\t<\/div>\n\t\t\t\t\t\t\t\t\n<style>\n#image_2113400731 {\n  width: 100%;\n}\n<\/style>\n\t<\/div>\n\t\n\n\t<div id=\"gap-199736402\" class=\"gap-element clearfix\" style=\"display:block; height:auto;\">\n\t\t\n<style>\n#gap-199736402 {\n  padding-top: 176px;\n}\n<\/style>\n\t<\/div>\n\t\n\n\t<div class=\"img has-hover x md-x lg-x y md-y lg-y\" id=\"image_1971547604\">\n\t\t\t\t\t\t\t\t<div class=\"img-inner dark\" >\n\t\t\t<img loading=\"lazy\" decoding=\"async\" width=\"600\" height=\"466\" src=\"https:\/\/areagroup.me\/wp-content\/uploads\/2020\/07\/Tivat-1.jpg\" class=\"attachment-large size-large\" alt=\"\" srcset=\"https:\/\/areagroup.me\/wp-content\/uploads\/2020\/07\/Tivat-1.jpg 600w, https:\/\/areagroup.me\/wp-content\/uploads\/2020\/07\/Tivat-1-515x400.jpg 515w\" sizes=\"auto, (max-width: 600px) 100vw, 600px\" \/>\t\t\t\t\t\t\n\t\t\t\t\t<\/div>\n\t\t\t\t\t\t\t\t\n<style>\n#image_1971547604 {\n  width: 100%;\n}\n<\/style>\n\t<\/div>\n\t\n\n\t<div class=\"img has-hover x md-x lg-x y md-y lg-y\" id=\"image_107525717\">\n\t\t\t\t\t\t\t\t<div class=\"img-inner dark\" >\n\t\t\t<img loading=\"lazy\" decoding=\"async\" width=\"600\" height=\"466\" src=\"https:\/\/areagroup.me\/wp-content\/uploads\/2020\/07\/Tivat-2.jpg\" class=\"attachment-large size-large\" alt=\"\" srcset=\"https:\/\/areagroup.me\/wp-content\/uploads\/2020\/07\/Tivat-2.jpg 600w, https:\/\/areagroup.me\/wp-content\/uploads\/2020\/07\/Tivat-2-515x400.jpg 515w\" sizes=\"auto, (max-width: 600px) 100vw, 600px\" \/>\t\t\t\t\t\t\n\t\t\t\t\t<\/div>\n\t\t\t\t\t\t\t\t\n<style>\n#image_107525717 {\n  width: 100%;\n}\n<\/style>\n\t<\/div>\n\t\n\n\n\t\t<\/div>\n\t\t\t\t\t<\/div>\n\n\t\n\n<\/div>\n<div class=\"row\"  id=\"row-1895678283\">\n\n\n\t<div id=\"col-1786600818\" class=\"col medium-8 small-12 large-8\"  >\n\t\t\t\t<div class=\"col-inner\"  >\n\t\t\t\n\t\t\t\n\n<div class=\"container section-title-container\" ><h3 class=\"section-title section-title-center\"><b><\/b><span class=\"section-title-main\" >Oraya nas\u0131l gidilir?<\/span><b><\/b><\/h3><\/div>\n\n<div>\n<p>Karada\u011f&#8217;da uluslararas\u0131 hava trafi\u011fi sa\u011flayan iki havaalan\u0131 bulunmaktad\u0131r:<\/p>\n<p>1) Tivat \u015fehrinde (havaalan\u0131 kodu TIV)<\/p>\n<p>2) Karada\u011f&#8217;\u0131n ba\u015fkenti Podgorica&#8217;da (havaalan\u0131 kodu TGD)<\/p>\n<p>Moskova&#8217;dan d\u00fczenli direkt u\u00e7u\u015flar Aeroflot ve Montenegro Airlines gibi havayollar\u0131 taraf\u0131ndan sa\u011flanmaktad\u0131r, seyahat s\u00fcresi yakla\u015f\u0131k 3 -3,5 saattir.\u00a0Size en uygun havaalan\u0131 hangisi?<\/p>\n<p>Yaz beldelerini se\u00e7tiyseniz: Herceg Novi ve Herceg Novi Riviera, Budva veya Kotor\u00a0o zaman Tivat Havaalan\u0131 sizin i\u00e7in uygundur, yakla\u015f\u0131k olarak seyahat s\u00fcresi:<br \/><span style=\"color: #333333;\">&#8211; Tivat &#8211; Herceg Novi &#8211; 1 saat;<br \/><\/span><span style=\"color: #333333;\">&#8211; Tivat &#8211; Budva &#8211; 25 dakika;<br \/><\/span><span style=\"color: #333333;\">&#8211; Tivat &#8211; Kotor &#8211; 10 dakika.<\/span><\/p>\n<\/div>\n<div>Bu yerle\u015fim yerlerine Podgorica havaalan\u0131ndan da yakla\u015f\u0131k seyahat s\u00fcresi ile ula\u015f\u0131labilir:<\/div>\n<div>&#8211; Podgorica &#8211; Herceg Novi &#8211; 2,5 saat;<br \/>&#8211; Podgorica &#8211; Kotor &#8211; 1,5 saat;<br \/>&#8211; Podgorica &#8211; Tivat &#8211; 1,5 saat;<br \/>&#8211; Podgorica &#8211; Budva &#8211; 1 saat.<\/div>\n<div>\n<p>Tivat ve Podgorica&#8217;daki havaalanlar\u0131ndan Bar ve Ulcinj \u015fehirlerine gitmek neredeyse ayn\u0131 s\u00fcreli.<\/p>\n<\/div>\n\n\t\t<\/div>\n\t\t\t\t\t<\/div>\n\n\t\n\n\t<div id=\"col-2046888367\" class=\"col medium-4 small-12 large-4\"  >\n\t\t\t\t<div class=\"col-inner\"  >\n\t\t\t\n\t\t\t\n\n\t<div id=\"gap-1341892443\" class=\"gap-element clearfix\" style=\"display:block; height:auto;\">\n\t\t\n<style>\n#gap-1341892443 {\n  padding-top: 97px;\n}\n<\/style>\n\t<\/div>\n\t\n\n\t<div class=\"img has-hover x md-x lg-x y md-y lg-y\" id=\"image_37510490\">\n\t\t\t\t\t\t\t\t<div class=\"img-inner dark\" >\n\t\t\t<img loading=\"lazy\" decoding=\"async\" width=\"600\" height=\"466\" src=\"https:\/\/areagroup.me\/wp-content\/uploads\/2020\/07\/Aerodrom-Tivat-1.jpg\" class=\"attachment-large size-large\" alt=\"\" srcset=\"https:\/\/areagroup.me\/wp-content\/uploads\/2020\/07\/Aerodrom-Tivat-1.jpg 600w, https:\/\/areagroup.me\/wp-content\/uploads\/2020\/07\/Aerodrom-Tivat-1-515x400.jpg 515w\" sizes=\"auto, (max-width: 600px) 100vw, 600px\" \/>\t\t\t\t\t\t\n\t\t\t\t\t<\/div>\n\t\t\t\t\t\t\t\t\n<style>\n#image_37510490 {\n  width: 100%;\n}\n<\/style>\n\t<\/div>\n\t\n\n\t<div class=\"img has-hover x md-x lg-x y md-y lg-y\" id=\"image_1263704681\">\n\t\t\t\t\t\t\t\t<div class=\"img-inner dark\" >\n\t\t\t<img loading=\"lazy\" decoding=\"async\" width=\"600\" height=\"466\" src=\"https:\/\/areagroup.me\/wp-content\/uploads\/2020\/07\/Aerodrom-podgorica-2.jpg\" class=\"attachment-large size-large\" alt=\"\" srcset=\"https:\/\/areagroup.me\/wp-content\/uploads\/2020\/07\/Aerodrom-podgorica-2.jpg 600w, https:\/\/areagroup.me\/wp-content\/uploads\/2020\/07\/Aerodrom-podgorica-2-515x400.jpg 515w\" sizes=\"auto, (max-width: 600px) 100vw, 600px\" \/>\t\t\t\t\t\t\n\t\t\t\t\t<\/div>\n\t\t\t\t\t\t\t\t\n<style>\n#image_1263704681 {\n  width: 100%;\n}\n<\/style>\n\t<\/div>\n\t\n\n\n\t\t<\/div>\n\t\t\t\t\t<\/div>\n\n\t\n\n<\/div>\n\n","protected":false},"excerpt":{"rendered":"","protected":false},"author":1,"featured_media":0,"parent":0,"menu_order":0,"comment_status":"closed","ping_status":"closed","template":"page-blank.php","meta":{"footnotes":""},"class_list":["post-3109","page","type-page","status-publish","hentry"],"_links":{"self":[{"href":"https:\/\/areagroup.me\/tr\/wp-json\/wp\/v2\/pages\/3109","targetHints":{"allow":["GET"]}}],"collection":[{"href":"https:\/\/areagroup.me\/tr\/wp-json\/wp\/v2\/pages"}],"about":[{"href":"https:\/\/areagroup.me\/tr\/wp-json\/wp\/v2\/types\/page"}],"author":[{"embeddable":true,"href":"https:\/\/areagroup.me\/tr\/wp-json\/wp\/v2\/users\/1"}],"replies":[{"embeddable":true,"href":"https:\/\/areagroup.me\/tr\/wp-json\/wp\/v2\/comments?post=3109"}],"version-history":[{"count":13,"href":"https:\/\/areagroup.me\/tr\/wp-json\/wp\/v2\/pages\/3109\/revisions"}],"predecessor-version":[{"id":3782,"href":"https:\/\/areagroup.me\/tr\/wp-json\/wp\/v2\/pages\/3109\/revisions\/3782"}],"wp:attachment":[{"href":"https:\/\/areagroup.me\/tr\/wp-json\/wp\/v2\/media?parent=3109"}],"curies":[{"name":"wp","href":"https:\/\/api.w.org\/{rel}","templated":true}]}}